{"id":48,"date":"2020-07-04T12:28:46","date_gmt":"2020-07-04T12:28:46","guid":{"rendered":"http:\/\/www.univnt.ro\/?page_id=48"},"modified":"2026-03-11T12:11:13","modified_gmt":"2026-03-11T12:11:13","slug":"despre-noi","status":"publish","type":"page","link":"https:\/\/www.univnt.ro\/index.php\/despre-noi\/","title":{"rendered":"DESPRE NOI"},"content":{"rendered":"\t\t<div data-elementor-type=\"wp-page\" data-elementor-id=\"48\" class=\"elementor elementor-48\" data-elementor-post-type=\"page\">\n\t\t\t\t\t\t<section class=\"elementor-section elementor-top-section elementor-element elementor-element-85555e8 elementor-section-boxed elementor-section-height-default elementor-section-height-default\" data-id=\"85555e8\" data-element_type=\"section\">\n\t\t\t\t\t\t<div class=\"elementor-container elementor-column-gap-default\">\n\t\t\t\t\t<div class=\"elementor-column elementor-col-100 elementor-top-column elementor-element elementor-element-2933433\" data-id=\"2933433\" data-element_type=\"column\">\n\t\t\t<div class=\"elementor-widget-wrap elementor-element-populated\">\n\t\t\t\t\t\t<div class=\"elementor-element elementor-element-6836795 elementor-widget elementor-widget-text-editor\" data-id=\"6836795\" data-element_type=\"widget\" data-widget_type=\"text-editor.default\">\n\t\t\t\t<div class=\"elementor-widget-container\">\n\t\t\t\t\t\t\t\t\t<p><strong>Prezentare universitate<\/strong><\/p>\n<p><!-- \/wp:paragraph --><!-- wp:paragraph --><\/p>\n<p>\u00a0\u00a0\u00a0\u00a0\u00a0\u00a0\u00a0 \u00cenfiin\u0163at\u0103 \u00een 1990 ca institutie de \u00eenv\u0103\u0163\u0103m\u00e2nt superior particular\u0103, Universitatea \u201eNicolae Titulescu\u201d din Bucure\u015fti a fost acreditat\u0103 prin Legea nr. 241 din 23 aprilie 2002 (publicat\u0103 \u00een Monitorul Oficial al Rom\u00e2niei, nr. 291 din 30 aprilie 2002).<\/p>\n<p><!-- \/wp:paragraph --><!-- wp:paragraph --><\/p>\n<p>\u00a0\u00a0\u00a0\u00a0\u00a0\u00a0\u00a0\u00a0\u00cencep\u00e2nd cu anul universitar 1999-2000 a fost dat \u00een func\u0163iune noul sediu al universitatii din Bulevardul Vacaresti (statia de metrou Timpuri Noi); conceput ca un campus universitar de standard occidental.<\/p>\n<p><!-- \/wp:paragraph --><!-- wp:paragraph --><\/p>\n<p>\u00a0\u00a0\u00a0\u00a0\u00a0\u00a0\u00a0\u00a0Universitatea are \u00een structura sa\u00a0trei facult\u0103\u0163i:\u00a0<strong>Facultatea de Drept<\/strong>,\u00a0<strong>Facultatea de Economie \u015fi Administrarea Afacerilor<\/strong>,\u00a0<strong>Facultatea de Rela\u0163ii Interna\u0163ionale \u015fi Administra\u0163ie<\/strong>.<\/p>\n<p><!-- \/wp:paragraph --><!-- wp:paragraph --><\/p>\n<p><br \/>\u00a0\u00a0\u00a0\u00a0\u00a0\u00a0\u00a0\u00a0Universitatea, \u00een intreaga sa activitate respect\u0103 Constitu\u0163ia \u015fi legile romane, \u00een general, precum \u015fi legisla\u0163ia \u00eenv\u0103\u0163\u0103m\u00e2ntului, \u00een special, inclusiv ordinele \u015fi instruc\u0163iunile cu caracter normativ ale Ministerului Educa\u0163iei; respect\u0103 principiile \u00eenscrise \u00een &#8222;Declara\u0163ia universal\u0103 a Drepturilor omului&#8221;, adoptat\u0103 la O.N.U. \u00een anul 1948 \u015fi ader\u0103 la &#8222;The Lima Declaration on Academic Freedom and Autonomy of Institutions of Higher Education&#8221; (1988) \u015fi la &#8222;The Magna Charta of European Universities&#8221; (Bologna, 1988).<\/p>\n<p><!-- \/wp:paragraph --><!-- wp:paragraph --><\/p>\n<p>\u00a0\u00a0\u00a0\u00a0\u00a0\u00a0\u00a0 Universitatea func\u0163ioneaz\u0103 \u00een baza autonomiei universitare, \u00eentemeiat\u0103 pe principiile Constitu\u0163iei Rom\u00e2niei, ale Legii educa\u0163iei na\u0163ionale nr. 1\/2011, ale altor acte normative, precum si ale reglement\u0103rilor proprii.<\/p>\n<p><!-- \/wp:paragraph --><!-- wp:paragraph --><\/p>\n<p>\u00a0\u00a0\u00a0\u00a0\u00a0\u00a0\u00a0\u00a0Universitatea respecta valorile democratiei si ale statului de drept si actioneaza pentru promovarea lor in societatea romaneasca. Este apolitica si nu permite orientarea procesului de invatamant catre nici una din doctrinele si practicile ideologice.<\/p>\t\t\t\t\t\t\t\t<\/div>\n\t\t\t\t<\/div>\n\t\t\t\t\t<\/div>\n\t\t<\/div>\n\t\t\t\t\t<\/div>\n\t\t<\/section>\n\t\t\t\t<section class=\"elementor-section elementor-top-section elementor-element elementor-element-2538101 elementor-section-boxed elementor-section-height-default elementor-section-height-default\" data-id=\"2538101\" data-element_type=\"section\">\n\t\t\t\t\t\t<div class=\"elementor-container elementor-column-gap-default\">\n\t\t\t\t\t<div class=\"elementor-column elementor-col-100 elementor-top-column elementor-element elementor-element-d631313\" data-id=\"d631313\" data-element_type=\"column\">\n\t\t\t<div class=\"elementor-widget-wrap elementor-element-populated\">\n\t\t\t\t\t\t<div class=\"elementor-element elementor-element-9a08368 elementor-widget elementor-widget-image-gallery\" data-id=\"9a08368\" data-element_type=\"widget\" data-widget_type=\"image-gallery.default\">\n\t\t\t\t<div class=\"elementor-widget-container\">\n\t\t\t\t\t\t\t<div class=\"elementor-image-gallery\">\n\t\t\t<div id='gallery-1' class='gallery galleryid-48 gallery-columns-1 gallery-size-medium_large'><figure class='gallery-item'>\n\t\t\t<div class='gallery-icon landscape'>\n\t\t\t\t<a data-elementor-open-lightbox=\"yes\" data-elementor-lightbox-slideshow=\"9a08368\" data-elementor-lightbox-title=\"Organigrama UNT 2024\" data-e-action-hash=\"#elementor-action%3Aaction%3Dlightbox%26settings%3DeyJpZCI6MTIwNDYsInVybCI6Imh0dHBzOlwvXC93d3cudW5pdm50LnJvXC93cC1jb250ZW50XC91cGxvYWRzXC9PcmdhbmlncmFtYS1VTlQtMjAyNC5wbmciLCJzbGlkZXNob3ciOiI5YTA4MzY4In0%3D\" href='https:\/\/www.univnt.ro\/wp-content\/uploads\/Organigrama-UNT-2024.png'><img fetchpriority=\"high\" decoding=\"async\" width=\"750\" height=\"530\" src=\"https:\/\/www.univnt.ro\/wp-content\/uploads\/Organigrama-UNT-2024-768x543.png\" class=\"attachment-medium_large size-medium_large\" alt=\"\" srcset=\"https:\/\/www.univnt.ro\/wp-content\/uploads\/Organigrama-UNT-2024-768x543.png 768w, https:\/\/www.univnt.ro\/wp-content\/uploads\/Organigrama-UNT-2024-300x212.png 300w, https:\/\/www.univnt.ro\/wp-content\/uploads\/Organigrama-UNT-2024-1024x724.png 1024w, https:\/\/www.univnt.ro\/wp-content\/uploads\/Organigrama-UNT-2024-1536x1086.png 1536w, https:\/\/www.univnt.ro\/wp-content\/uploads\/Organigrama-UNT-2024-2048x1448.png 2048w\" sizes=\"(max-width: 750px) 100vw, 750px\" \/><\/a>\n\t\t\t<\/div><\/figure>\n\t\t<\/div>\n\t\t<\/div>\n\t\t\t\t\t\t<\/div>\n\t\t\t\t<\/div>\n\t\t\t\t\t<\/div>\n\t\t<\/div>\n\t\t\t\t\t<\/div>\n\t\t<\/section>\n\t\t\t\t<section class=\"elementor-section elementor-top-section elementor-element elementor-element-9d25723 elementor-section-boxed elementor-section-height-default elementor-section-height-default\" data-id=\"9d25723\" data-element_type=\"section\">\n\t\t\t\t\t\t<div class=\"elementor-container elementor-column-gap-default\">\n\t\t\t\t\t<div class=\"elementor-column elementor-col-100 elementor-top-column elementor-element elementor-element-4db09f4\" data-id=\"4db09f4\" data-element_type=\"column\">\n\t\t\t<div class=\"elementor-widget-wrap elementor-element-populated\">\n\t\t\t\t\t\t<div class=\"elementor-element elementor-element-1acd269 elementor-widget elementor-widget-text-editor\" data-id=\"1acd269\" data-element_type=\"widget\" data-widget_type=\"text-editor.default\">\n\t\t\t\t<div class=\"elementor-widget-container\">\n\t\t\t\t\t\t\t\t\t<p><a><strong>CONDUCERE UNIVERSITATE<\/strong><\/a><\/p>\n<p><!-- \/wp:paragraph --><!-- wp:list --><\/p>\n<ul class=\"wp-block-list\"><!-- wp:list-item -->\n<li>Pre\u0219edintele Consiliului de Administra\u021bie: prof. univ. dr.:\u00a0<a href=\"https:\/\/www.univnt.ro\/index.php\/profesori\/prof-univ-dr-neagu-ion\/\"><strong>Ion NEAGU<\/strong><\/a><\/li>\n<!-- \/wp:list-item --><!-- wp:list-item -->\n<li>Vicepre\u0219edintele Consiliului de Administra\u021bie: prof. univ. dr.:\u00a0<a href=\"https:\/\/www.univnt.ro\/index.php\/profesori\/prof-univ-dr-cornescu-viorel\/\"><strong>Viorel CORNESCU<\/strong><\/a><\/li>\n<!-- \/wp:list-item --><!-- wp:list-item -->\n<li>Rector: prof. univ. dr.:\u00a0<a href=\"https:\/\/www.univnt.ro\/index.php\/profesori\/prof-univ-dr-hotca-mihai-adrian\/\"><strong>Mihai Adrian HOTCA<\/strong><\/a><\/li>\n<!-- \/wp:list-item --><!-- wp:list-item -->\n<li>Prorector: prof. univ. dr.:\u00a0<a href=\"https:\/\/www.univnt.ro\/index.php\/profesori\/prof-univ-dr-boroi-gabriel\/\"><strong>Gabriel BOROI<\/strong><\/a><\/li>\n<!-- \/wp:list-item --><!-- wp:list-item -->\n<li>Secretar \u015eef:\u00a0<strong>Ancu\u0163a PICHINERU<\/strong><\/li>\n<!-- \/wp:list-item --><\/ul>\n<p><!-- \/wp:list --><!-- wp:paragraph --><\/p>\n<p><a><strong>FACULTATI<\/strong><\/a><br \/><strong>Drept:<\/strong><\/p>\n<p><!-- \/wp:paragraph --><!-- wp:list --><\/p>\n<ul class=\"wp-block-list\"><!-- wp:list-item -->\n<li>Decan: prof. univ. dr.: <a href=\"https:\/\/www.univnt.ro\/index.php\/profesori\/conf-univ-dr-micu-bogdan-florin\/\"><strong>Bogdan MICU<\/strong><\/a><\/li>\n<!-- \/wp:list-item --><!-- wp:list-item -->\n<li>Prodecan: conf. univ. dr.:\u00a0<a href=\"https:\/\/www.univnt.ro\/index.php\/profesori\/conf-univ-dr-gorunescu-mirela\/\"><strong>Mirela GORUNESCU<\/strong><\/a><\/li>\n<!-- \/wp:list-item --><!-- wp:list-item -->\n<li>Secretar \u0219ef:\u00a0<strong>Iuliana CALIN<\/strong><\/li>\n<!-- \/wp:list-item --><!-- wp:list-item -->\n<li>Secretar: <strong>Serena PETRAS<\/strong><\/li>\n<!-- \/wp:list-item --><!-- wp:list-item -->\n<li>Secretar: <strong>Daniela-Mihaela<\/strong>\u00a0<strong>CRISTEA<\/strong><\/li>\n<!-- \/wp:list-item --><!-- wp:list-item --><!-- \/wp:list-item --><!-- wp:list-item --><!-- \/wp:list-item --><!-- wp:list-item -->\n<li>Secretar:\u00a0<strong>Ioana Marina VILCEANU<\/strong><\/li>\n<!-- \/wp:list-item --><\/ul>\n<p><!-- \/wp:list --><!-- wp:paragraph --><\/p>\n<p><strong>Economie si Administrarea Afacerilor:<\/strong><\/p>\n<p><!-- \/wp:paragraph --><!-- wp:list --><\/p>\n<ul class=\"wp-block-list\"><!-- wp:list-item -->\n<li>Decan: conf. univ. dr.:\u00a0<a href=\"https:\/\/www.univnt.ro\/index.php\/profesori\/conf-univ-dr-grigore-maria-zenovia\/\"><strong>Maria GRIGORE<\/strong><\/a><\/li>\n<!-- \/wp:list-item --><!-- wp:list-item -->\n<li>Director Departamentul de \u015etiin\u0163e Economice: lect. univ. dr.: <a href=\"https:\/\/www.univnt.ro\/index.php\/profesori\/lect-univ-dr-iliescu-elena-mihaela\/\"><strong>Mihaela ILIESCU<\/strong><\/a><\/li>\n<!-- \/wp:list-item --><!-- wp:list-item -->\n<li>Secretar \u015fef:\u00a0<strong>Camelia CRACIUN<\/strong><\/li>\n<!-- \/wp:list-item --><!-- wp:list-item -->\n<li>Secretar:\u00a0<strong>Alexandra Mireille MIRON<\/strong><\/li>\n<!-- \/wp:list-item --><\/ul>\n<p><!-- \/wp:list --><!-- wp:paragraph --><\/p>\n<p><strong>Relatii Internationale si Administratie:<\/strong><\/p>\n<p><!-- \/wp:paragraph --><!-- wp:list --><\/p>\n<ul class=\"wp-block-list\"><!-- wp:list-item -->\n<li>Decan: lect. univ. dr.:\u00a0<a href=\"https:\/\/www.univnt.ro\/index.php\/profesori\/lect-univ-dr-radu-liviu-george\/\"><strong>Liviu RADU<\/strong><\/a><\/li>\n<!-- \/wp:list-item --><!-- wp:list-item -->\n<li>Director Departamentul de \u015etiin\u0163e Politice \u015fi Administrative: lect. univ. dr.:\u00a0<a href=\"https:\/\/www.univnt.ro\/index.php\/profesori\/lect-univ-dr-bucur-norica-felicia\/\"><strong>Norica Felicia BUCUR<\/strong><\/a><\/li>\n<!-- \/wp:list-item --><!-- wp:list-item -->\n<li>Secretar sef:\u00a0<strong>Ioana PETRIC\u0102-ROMANESCU<\/strong><\/li>\n<!-- \/wp:list-item --><\/ul>\n<p><!-- \/wp:list --><!-- wp:paragraph --><\/p>\n<p><a><strong>DEPARTAMENT CONTABILITATE<\/strong><\/a><\/p>\n<p><!-- \/wp:paragraph --><!-- wp:list --><\/p>\n<ul class=\"wp-block-list\"><!-- wp:list-item -->\n<li>Contabil \u015eef: Economist:\u00a0<strong>Elena STRUGARU<\/strong><\/li>\n<!-- \/wp:list-item --><!-- wp:list-item -->\n<li>Contabil:\u00a0<strong>M\u0103lina MATEI<\/strong><\/li>\n<!-- \/wp:list-item --><!-- wp:list-item -->\n<li>Referend specialitate financiar contabilitate:\u00a0<strong>Rodica LEHMANN<\/strong><\/li>\n<li>Casier: <strong>Florentina Mariana MARIN<\/strong><\/li>\n<!-- \/wp:list-item --><!-- wp:list-item --><!-- \/wp:list-item --><\/ul>\n<p><!-- \/wp:list --><!-- wp:paragraph --><\/p>\n<p><a><strong>DEPARTAMENT \u00ceNV\u0102\u021a\u0102M\u00c2NT LA DISTAN\u021a\u0102<\/strong><\/a><\/p>\n<p><!-- \/wp:paragraph --><!-- wp:list --><\/p>\n<ul class=\"wp-block-list\"><!-- wp:list-item -->\n<li>Director: conf. univ. dr.:\u00a0<a href=\"https:\/\/www.univnt.ro\/index.php\/profesori\/conf-univ-dr-sudacevschi-mihaela\/\"><strong>Mihaela SUDACEVSCHI<\/strong><\/a><\/li>\n<!-- \/wp:list-item --><!-- wp:list-item -->\n<li>Secretar:\u00a0<strong>Ancu\u0163a PICHINERU<\/strong><\/li>\n<!-- \/wp:list-item --><\/ul>\n<p><!-- \/wp:list --><!-- wp:paragraph --><\/p>\n<p><a><strong>DEPARTAMENT IT<\/strong><\/a><\/p>\n<p><!-- \/wp:paragraph --><!-- wp:list --><\/p>\n<ul class=\"wp-block-list\"><!-- wp:list-item -->\n<li>Sef Compartiment IT:\u00a0<strong>George PRETOR<\/strong><\/li>\n<!-- \/wp:list-item --><!-- wp:list-item -->\n<li>Analist IT:\u00a0<strong>Eduard VECHLER<\/strong><\/li>\n<!-- \/wp:list-item --><!-- wp:list-item -->\n<li>Operator Calculator: <strong>Emanuel CARAT\u0102<\/strong><\/li>\n<!-- \/wp:list-item --><\/ul>\n<p><!-- \/wp:list --><!-- wp:paragraph --><\/p>\n<p><a><strong>BIBLIOTECA<\/strong><\/a><\/p>\n<p><!-- \/wp:paragraph --><!-- wp:list --><\/p>\n<ul class=\"wp-block-list\"><!-- wp:list-item -->\n<li>Bibliotecar \u015eef:\u00a0<strong>Crina STAN<\/strong><\/li>\n<!-- \/wp:list-item --><!-- wp:list-item -->\n<li>Bibliotecar Studii Superioare:\u00a0<strong>Mihaela RACOVEANU<\/strong><\/li>\n<!-- \/wp:list-item --><\/ul>\n<p><!-- \/wp:list --><!-- wp:paragraph --><\/p>\n<p><a><strong>ACTE STUDII<\/strong><\/a><\/p>\n<p><!-- \/wp:paragraph --><!-- wp:list --><\/p>\n<ul class=\"wp-block-list\"><!-- wp:list-item -->\n<li>Sef Birou:\u00a0<strong>Livia Anca TRANDAFIRIDI<\/strong><\/li>\n<!-- \/wp:list-item --><\/ul>\n<p><!-- \/wp:list --><!-- wp:paragraph --><\/p>\n<p><a><strong>SERVICIUL DOCTORAT<\/strong><\/a><\/p>\n<p><!-- \/wp:paragraph --><!-- wp:list --><\/p>\n<ul class=\"wp-block-list\"><!-- wp:list-item -->\n<li>Secretar:\u00a0<strong>Cristina MICU<\/strong><\/li>\n<!-- \/wp:list-item --><\/ul>\n<p><!-- \/wp:list --><!-- wp:paragraph --><\/p>\n<p><a><strong>REGISTRATURA<\/strong><\/a><\/p>\n<p><!-- \/wp:paragraph --><!-- wp:list --><\/p>\n<ul class=\"wp-block-list\"><!-- wp:list-item -->\n<li>Secretar:\u00a0<strong>Alexandra Mireille MIRON<\/strong><\/li>\n<!-- \/wp:list-item --><\/ul>\n<p><!-- \/wp:list --><!-- wp:paragraph --><\/p>\n<p><a><strong>ARHIV\u0102<\/strong><\/a><\/p>\n<p><!-- \/wp:paragraph --><!-- wp:list --><\/p>\n<ul class=\"wp-block-list\"><!-- wp:list-item -->\n<li>Secretar: <strong>Sandu BUZATU<\/strong><\/li>\n<!-- \/wp:list-item --><\/ul>\n<p><!-- \/wp:list --><!-- wp:paragraph --><\/p>\n<p><a><strong>RESURSE UMANE<\/strong><\/a><\/p>\n<p><!-- \/wp:paragraph --><!-- wp:list --><\/p>\n<ul class=\"wp-block-list\"><!-- wp:list-item -->\n<li>Referent de specialitate forta de munca si somaj:\u00a0<strong>Constantin GA\u0218PAR<\/strong><\/li>\n<!-- \/wp:list-item --><\/ul>\n<p><!-- \/wp:list --><!-- wp:paragraph --><\/p>\n<p><a><strong>ALTE DEPARTAMENTE SI SERVICII<\/strong><\/a><\/p>\n<p><!-- \/wp:paragraph --><!-- wp:list --><\/p>\n<ul class=\"wp-block-list\"><!-- wp:list-item -->\n<li>Serviciu Tehnic: Sef:\u00a0<strong>George NEDELCU<\/strong><\/li>\n<!-- \/wp:list-item --><!-- wp:list-item -->\n<li>Tehnician:\u00a0<strong>Mihaela CHELEMEN<\/strong><\/li>\n<!-- \/wp:list-item --><!-- wp:list-item -->\n<li>Magaziner:\u00a0<strong>Mariana MOCANU<\/strong><\/li>\n<!-- \/wp:list-item --><!-- wp:list-item -->\n<li>Centralist:\u00a0<strong>Mariana DRAGAN<\/strong><\/li>\n<!-- \/wp:list-item --><\/ul>\n<p><!-- \/wp:list --><!-- wp:paragraph --><\/p>\n<p>\u00a0<\/p>\t\t\t\t\t\t\t\t<\/div>\n\t\t\t\t<\/div>\n\t\t\t\t\t<\/div>\n\t\t<\/div>\n\t\t\t\t\t<\/div>\n\t\t<\/section>\n\t\t\t\t<\/div>\n\t\t","protected":false},"excerpt":{"rendered":"<p>Prezentare universitate \u00a0\u00a0\u00a0\u00a0\u00a0\u00a0\u00a0 \u00cenfiin\u0163at\u0103 \u00een 1990 ca institutie de \u00eenv\u0103\u0163\u0103m\u00e2nt superior particular\u0103, Universitatea \u201eNicolae Titulescu\u201d din Bucure\u015fti a fost acreditat\u0103 &hellip; <\/p>\n","protected":false},"author":1,"featured_media":0,"parent":0,"menu_order":0,"comment_status":"closed","ping_status":"closed","template":"","meta":{"_mi_skip_tracking":false,"_monsterinsights_sitenote_active":false,"_monsterinsights_sitenote_note":"","_monsterinsights_sitenote_category":0,"footnotes":""},"class_list":["post-48","page","type-page","status-publish","hentry"],"_links":{"self":[{"href":"https:\/\/www.univnt.ro\/index.php\/wp-json\/wp\/v2\/pages\/48","targetHints":{"allow":["GET"]}}],"collection":[{"href":"https:\/\/www.univnt.ro\/index.php\/wp-json\/wp\/v2\/pages"}],"about":[{"href":"https:\/\/www.univnt.ro\/index.php\/wp-json\/wp\/v2\/types\/page"}],"author":[{"embeddable":true,"href":"https:\/\/www.univnt.ro\/index.php\/wp-json\/wp\/v2\/users\/1"}],"replies":[{"embeddable":true,"href":"https:\/\/www.univnt.ro\/index.php\/wp-json\/wp\/v2\/comments?post=48"}],"version-history":[{"count":44,"href":"https:\/\/www.univnt.ro\/index.php\/wp-json\/wp\/v2\/pages\/48\/revisions"}],"predecessor-version":[{"id":13845,"href":"https:\/\/www.univnt.ro\/index.php\/wp-json\/wp\/v2\/pages\/48\/revisions\/13845"}],"wp:attachment":[{"href":"https:\/\/www.univnt.ro\/index.php\/wp-json\/wp\/v2\/media?parent=48"}],"curies":[{"name":"wp","href":"https:\/\/api.w.org\/{rel}","templated":true}]}}